{"id":149,"date":"2014-02-04T05:15:33","date_gmt":"2014-02-04T04:15:33","guid":{"rendered":"http:\/\/humanisme.assohum.org\/?page_id=149"},"modified":"2018-04-23T19:34:40","modified_gmt":"2018-04-23T18:34:40","slug":"introduction-a-lhumanisme-6","status":"publish","type":"page","link":"https:\/\/humanisme.assohum.org\/?page_id=149","title":{"rendered":"Introduction \u00e0 l&rsquo;humanisme &#8211; 6"},"content":{"rendered":"<h1 style=\"text-align: center;\"><span style=\"color: #993366;\">La r\u00e9volution am\u00e9ricaine<\/span><\/h1>\n<div class='one_half'>\n\t\t\t\t\t<a href='http:\/\/www.humanisme.assohum.org\/?page_id=139' class='small-button smallsilver'>Page pr\u00e9c\u00e9dente<\/a>\n\t\t\t\t<\/div>\n<p style=\"text-align: right;\"><a href='http:\/\/www.humanisme.assohum.org\/?page_id=152%20' class='small-button smallsilver'>Page suivante<\/a><\/p>\n<p style=\"text-align: justify;\"><span style=\"font-size: medium;\"><span class='et-dropcap' style=\"font-size: 60px; color: #8A0808;\">D<\/span>e l&rsquo;autre c\u00f4t\u00e9 de l&rsquo;atlantique, les leaders intellectuels des colonies am\u00e9ricaines furent grandement influenc\u00e9s par la pens\u00e9e des <abbr class='c2c-text-hover' title='Tire son nom d&#039;un mouvement intellectuel, culturel et scientifique aux multiples manifestations connues sous le nom des Lumi\u00e8res. Il est souvent utilis\u00e9 dans la litt\u00e9rature historique comme synonyme du XVIIIe si\u00e8cle europ\u00e9en.'>lumi\u00e8res<\/abbr> . Plusieurs meneurs de la r\u00e9volution am\u00e9ricaine, <a title=\"Jefferson\" href=\"http:\/\/fr.wikipedia.org\/wiki\/Thomas_Jefferson\" target=\"_blank\" rel=\"noopener\">Jefferson<\/a>, <a title=\"Wahsington\" href=\"http:\/\/fr.wikipedia.org\/wiki\/George_Washington\" target=\"_blank\" rel=\"noopener\">Washington<\/a>, <a title=\"FRanklin\" href=\"http:\/\/fr.wikipedia.org\/wiki\/Benjamin_Franklin\" target=\"_blank\" rel=\"noopener\">Franklin<\/a>, <a title=\"Madison\" href=\"http:\/\/fr.wikipedia.org\/wiki\/James_Madison\" target=\"_blank\" rel=\"noopener\">Madison <\/a>et <a title=\"Paine\" href=\"http:\/\/fr.wikipedia.org\/wiki\/Thomas_Paine\" target=\"_blank\" rel=\"noopener\">Paine <\/a>furent attir\u00e9s par ces nouvelles id\u00e9es. <a title=\"Jefferson\" href=\"http:\/\/fr.wikipedia.org\/wiki\/Thomas_Jefferson\" target=\"_blank\" rel=\"noopener\">Jefferson<\/a> et <a title=\"FRanklin\" href=\"http:\/\/fr.wikipedia.org\/wiki\/Benjamin_Franklin\" target=\"_blank\" rel=\"noopener\">Franklin<\/a> entre autres v\u00e9curent quelques temps \u00e0 Paris o\u00f9 ils fr\u00e9quent\u00e8rent les salons des philosophes des <abbr class='c2c-text-hover' title='Tire son nom d&#039;un mouvement intellectuel, culturel et scientifique aux multiples manifestations connues sous le nom des Lumi\u00e8res. Il est souvent utilis\u00e9 dans la litt\u00e9rature historique comme synonyme du XVIIIe si\u00e8cle europ\u00e9en.'>lumi\u00e8res<\/abbr> et absorb\u00e8rent leurs influences.<\/span><\/p>\n<h1 style=\"text-align: justify;\"><strong><span style=\"font-size: medium;\">D\u00e9claration des droits<\/span><\/strong><\/h1>\n<p style=\"text-align: justify;\"><span style=\"font-size: medium;\"><a href=\"http:\/\/www.humanisme.assohum.org\/wp-content\/uploads\/2014\/01\/Bill-of-rights.png\"><img loading=\"lazy\" decoding=\"async\" class=\"alignright size-thumbnail wp-image-233\" style=\"margin: 10px;\" title=\"D\u00e9claration des droits\" src=\"http:\/\/www.humanisme.assohum.org\/wp-content\/uploads\/2014\/01\/Bill-of-rights-150x150.png\" alt=\"Bill of rights\" width=\"150\" height=\"150\" \/><\/a>\u00c9tant sceptique de l&rsquo;autorit\u00e9 religieuse, ces meneurs de la r\u00e9volution am\u00e9ricaine, d\u00e9istes et chr\u00e9tiens r\u00e9unis, croyaient qu&rsquo;une s\u00e9paration de l&rsquo;\u00e9glise et de l&rsquo;\u00e9tat \u00e9tait n\u00e9cessaire pour garantir la libert\u00e9 de conscience. Ils reprirent les id\u00e9es de <a title=\"Montesquieu\" href=\"http:\/\/fr.wikipedia.org\/wiki\/Montesquieu\">Montesquieu<\/a> sur une s\u00e9paration des pouvoirs entre les branches ex\u00e9cutive, l\u00e9gislative et judiciaire du gouvernement pour s&rsquo;assurer d&rsquo;un syst\u00e8me de balancier dans la nouvelle structure politique. Le principe des \u00ab libert\u00e9s inali\u00e9nables &#8211; le droit \u00e0 la <abbr class='c2c-text-hover' title='Un concept tr\u00e8s difficile \u00e0 d\u00e9finir. Une fa\u00e7on de consid\u00e9rer la chose est qu&#039;il s&#039;agit d&#039;une propri\u00e9t\u00e9 de la mati\u00e8re caract\u00e9ris\u00e9e par un processus de m\u00e9tabolisme (transformation de mati\u00e8res premi\u00e8res en \u00e9nergie utilis\u00e9e pour la croissance et la reproduction).'>vie<\/abbr>, \u00e0 la libert\u00e9 et la poursuite du bonheur \u00bb sont des concepts tir\u00e9s directement des <a title=\"lumieres\" href=\"http:\/\/fr.wikipedia.org\/wiki\/Si%C3%A8cle_des_Lumi%C3%A8res\" target=\"_blank\" rel=\"noopener\"><abbr class='c2c-text-hover' title='Tire son nom d&#039;un mouvement intellectuel, culturel et scientifique aux multiples manifestations connues sous le nom des Lumi\u00e8res. Il est souvent utilis\u00e9 dans la litt\u00e9rature historique comme synonyme du XVIIIe si\u00e8cle europ\u00e9en.'>lumi\u00e8res<\/abbr><\/a> et furent au coeur de la r\u00e9volution am\u00e9ricaine et de la nouvelle constitution de m\u00eame que le \u00ab D\u00e9claration des droits (Bill of Rights) \u00bb et sont depuis parti int\u00e9grante du tissu am\u00e9ricain.<\/span><\/p>\n<p style=\"text-align: justify;\"><span style=\"font-size: medium;\">La r\u00e9volution am\u00e9ricaine peut \u00eatre vue comme \u00e9tant le dernier chapitre du <a href=\"http:\/\/fr.wikipedia.org\/wiki\/Si%C3%A8cle_des_Lumi%C3%A8res\" target=\"_blank\" rel=\"noopener\">si\u00e8cle des <abbr class='c2c-text-hover' title='Tire son nom d&#039;un mouvement intellectuel, culturel et scientifique aux multiples manifestations connues sous le nom des Lumi\u00e8res. Il est souvent utilis\u00e9 dans la litt\u00e9rature historique comme synonyme du XVIIIe si\u00e8cle europ\u00e9en.'>lumi\u00e8res<\/abbr><\/a>. Des id\u00e9es qui furent un temps consid\u00e9r\u00e9 comme une h\u00e9r\u00e9sie devinrent le fondement d&rsquo;une nation fond\u00e9e non sur la race ou la <abbr class='c2c-text-hover' title='Ensemble des croyances au surnaturel tel Dieu, la vie apr\u00e8s la mort, la r\u00e9incarnation, le ciel, l&#039;enfer, les miracles, n&#039;importe quelle combinaison de ces rituels et dogmes r\u00e9gissant le rapport de l&#039;homme et de la divinit\u00e9 pour former une religion ou une secte.'>religion<\/abbr>, mais sur la promesse de libert\u00e9s et de droits individuels..<\/span><\/p>\n<h1 style=\"text-align: center;\"><span style=\"color: #993366;\">Dans le monde moderne<\/span><\/h1>\n<p style=\"text-align: justify;\"><span style=\"font-size: medium;\">En revenant sur l&rsquo;histoire de la tradition humaniste et de ses pr\u00e9curseurs, nous constatons que ces id\u00e9es existent depuis des mill\u00e9naires, timidement d&rsquo;abord durant des p\u00e9riodes domin\u00e9es par la superstition et la soumission \u00e0 l&rsquo;autorit\u00e9 d&rsquo;une minorit\u00e9. Mais plus tard durant la <a title=\"lumi\u00e8res\" href=\"http:\/\/fr.wikipedia.org\/wiki\/Si%C3%A8cle_des_Lumi%C3%A8res\" target=\"_blank\" rel=\"noopener\">p\u00e9riode des <abbr class='c2c-text-hover' title='Tire son nom d&#039;un mouvement intellectuel, culturel et scientifique aux multiples manifestations connues sous le nom des Lumi\u00e8res. Il est souvent utilis\u00e9 dans la litt\u00e9rature historique comme synonyme du XVIIIe si\u00e8cle europ\u00e9en.'>lumi\u00e8res<\/abbr><\/a> ces principes se d\u00e9vers\u00e8rent tel un torrent. La pens\u00e9e humaniste, tel le rejet du <abbr class='c2c-text-hover' title='Qu&#039;on juge ne pas appartenir au monde naturel, qui semble en dehors du domaine de l&#039;exp\u00e9rience et \u00e9chapper aux lois de la nature.'>surnaturel<\/abbr> et la primaut\u00e9 de l&rsquo;individu est devenue tellement r\u00e9pandue au point d&rsquo;\u00eatre presque un lieu commun, \u00e0 tout le moins intellectuellement. Depuis les 19e et 20e si\u00e8cles les id\u00e9es humanistes sont d\u00e9battues au grand jour et le d\u00e9bat prend de l&rsquo;ampleur et se diversifie encore aujourd&rsquo;hui.<\/span><\/p>\n<p style=\"text-align: justify;\"><span style=\"font-size: medium;\">Cette br\u00e8ve r\u00e9capitulation du d\u00e9veloppement de la pens\u00e9e humaniste se termine donc avec l&rsquo;av\u00e8nement du <a title=\"lumieres\" href=\"http:\/\/fr.wikipedia.org\/wiki\/Si%C3%A8cle_des_Lumi%C3%A8res\" target=\"_blank\" rel=\"noopener\">si\u00e8cle des <abbr class='c2c-text-hover' title='Tire son nom d&#039;un mouvement intellectuel, culturel et scientifique aux multiples manifestations connues sous le nom des Lumi\u00e8res. Il est souvent utilis\u00e9 dans la litt\u00e9rature historique comme synonyme du XVIIIe si\u00e8cle europ\u00e9en.'>lumi\u00e8res<\/abbr><\/a> et la naissance d&rsquo;un monde moderne fond\u00e9 sur les valeurs humanistes de la science, des droits humains, de la la\u00efcit\u00e9 et de la libert\u00e9 de pens\u00e9e. La prochaine \u00e9tape dans le d\u00e9veloppement de l&rsquo;humanisme d\u00e9crira la cr\u00e9ation d&rsquo;organisations humanistes<\/span><\/p>\n<div class='one_half'>\n\t\t\t\t\t<a href='http:\/\/www.humanisme.assohum.org\/?page_id=139' class='small-button smallsilver'>Pr\u00e9c\u00e9dente<\/a>\n\t\t\t\t<\/div>\n<p style=\"text-align: right;\"><a href='http:\/\/www.humanisme.assohum.org\/?page_id=152%20' class='small-button smallsilver'>Page suivante<\/a><\/p>\n","protected":false},"excerpt":{"rendered":"<p>La r\u00e9volution am\u00e9ricaine e l&rsquo;autre c\u00f4t\u00e9 de l&rsquo;atlantique, les leaders intellectuels des colonies am\u00e9ricaines furent grandement influenc\u00e9s par la pens\u00e9e des <abbr class='c2c-text-hover' title='Tire son nom d&#039;un mouvement intellectuel, culturel et scientifique aux multiples manifestations connues sous le nom des Lumi\u00e8res. Il est souvent utilis\u00e9 dans la litt\u00e9rature historique comme synonyme du XVIIIe si\u00e8cle europ\u00e9en.'>lumi\u00e8res<\/abbr> . Plusieurs meneurs de la r\u00e9volution am\u00e9ricaine, Jefferson, Washington, Franklin, Madison et Paine furent attir\u00e9s par ces nouvelles id\u00e9es. Jefferson et Franklin entre autres v\u00e9curent quelques temps \u00e0 Paris o\u00f9 ils fr\u00e9quent\u00e8rent les [&hellip;]<\/p>\n","protected":false},"author":1,"featured_media":0,"parent":92,"menu_order":6,"comment_status":"open","ping_status":"open","template":"page-full.php","meta":{"footnotes":""},"class_list":["post-149","page","type-page","status-publish","hentry"],"_links":{"self":[{"href":"https:\/\/humanisme.assohum.org\/index.php?rest_route=\/wp\/v2\/pages\/149"}],"collection":[{"href":"https:\/\/humanisme.assohum.org\/index.php?rest_route=\/wp\/v2\/pages"}],"about":[{"href":"https:\/\/humanisme.assohum.org\/index.php?rest_route=\/wp\/v2\/types\/page"}],"author":[{"embeddable":true,"href":"https:\/\/humanisme.assohum.org\/index.php?rest_route=\/wp\/v2\/users\/1"}],"replies":[{"embeddable":true,"href":"https:\/\/humanisme.assohum.org\/index.php?rest_route=%2Fwp%2Fv2%2Fcomments&post=149"}],"version-history":[{"count":6,"href":"https:\/\/humanisme.assohum.org\/index.php?rest_route=\/wp\/v2\/pages\/149\/revisions"}],"predecessor-version":[{"id":1425,"href":"https:\/\/humanisme.assohum.org\/index.php?rest_route=\/wp\/v2\/pages\/149\/revisions\/1425"}],"up":[{"embeddable":true,"href":"https:\/\/humanisme.assohum.org\/index.php?rest_route=\/wp\/v2\/pages\/92"}],"wp:attachment":[{"href":"https:\/\/humanisme.assohum.org\/index.php?rest_route=%2Fwp%2Fv2%2Fmedia&parent=149"}],"curies":[{"name":"wp","href":"https:\/\/api.w.org\/{rel}","templated":true}]}}